{"id":208,"date":"2022-05-24T11:38:16","date_gmt":"2022-05-24T09:38:16","guid":{"rendered":"https:\/\/www.chevaliers-de-colomb.com\/?page_id=208"},"modified":"2023-03-15T18:08:26","modified_gmt":"2023-03-15T17:08:26","slug":"fondation","status":"publish","type":"page","link":"https:\/\/www.chevaliers-de-colomb.fr\/index.php\/fondation\/","title":{"rendered":"Fondation"},"content":{"rendered":"\t\t<div data-elementor-type=\"wp-page\" data-elementor-id=\"208\" class=\"elementor elementor-208\" data-elementor-post-type=\"page\">\n\t\t\t\t\t\t<section data-particle_enable=\"false\" data-particle-mobile-disabled=\"false true\" class=\"elementor-section elementor-top-section elementor-element elementor-element-3877444 elementor-section-stretched elementor-hidden-tablet elementor-hidden-mobile elementor-section-content-top elementor-section-boxed elementor-section-height-default elementor-section-height-default\" data-id=\"3877444\" data-element_type=\"section\" data-e-type=\"section\" data-settings=\"{&quot;stretch_section&quot;:&quot;section-stretched&quot;,&quot;background_background&quot;:&quot;classic&quot;,&quot;shape_divider_bottom&quot;:&quot;triangle-asymmetrical&quot;,&quot;background_motion_fx_motion_fx_scrolling&quot;:&quot;yes&quot;,&quot;background_motion_fx_translateY_effect&quot;:&quot;yes&quot;,&quot;background_motion_fx_translateY_speed&quot;:{&quot;unit&quot;:&quot;px&quot;,&quot;size&quot;:5.6,&quot;sizes&quot;:[]},&quot;background_motion_fx_translateY_affectedRange&quot;:{&quot;unit&quot;:&quot;%&quot;,&quot;size&quot;:&quot;&quot;,&quot;sizes&quot;:{&quot;start&quot;:0,&quot;end&quot;:100}},&quot;background_motion_fx_devices&quot;:[&quot;desktop&quot;,&quot;tablet&quot;,&quot;mobile&quot;]}\">\n\t\t\t\t\t\t\t<div class=\"elementor-background-overlay\"><\/div>\n\t\t\t\t\t\t<div class=\"elementor-shape elementor-shape-bottom\" aria-hidden=\"true\" data-negative=\"false\">\n\t\t\t<svg xmlns=\"http:\/\/www.w3.org\/2000\/svg\" viewBox=\"0 0 1000 100\" preserveAspectRatio=\"none\">\n\t<path class=\"elementor-shape-fill\" d=\"M738,99l262-93V0H0v5.6L738,99z\"\/>\n<\/svg>\t\t<\/div>\n\t\t\t\t\t<div class=\"elementor-container elementor-column-gap-default\">\n\t\t\t\t\t<div class=\"elementor-column elementor-col-100 elementor-top-column elementor-element elementor-element-55f0cb7\" data-id=\"55f0cb7\" data-element_type=\"column\" data-e-type=\"column\">\n\t\t\t<div class=\"elementor-widget-wrap elementor-element-populated\">\n\t\t\t\t\t\t<div class=\"elementor-element elementor-element-d23b704 elementor-widget elementor-widget-text-editor\" data-id=\"d23b704\" data-element_type=\"widget\" data-e-type=\"widget\" data-widget_type=\"text-editor.default\">\n\t\t\t\t<div class=\"elementor-widget-container\">\n\t\t\t\t\t\t\t\t\t<p style=\"text-align: right;\">fondation<\/p>\t\t\t\t\t\t\t\t<\/div>\n\t\t\t\t<\/div>\n\t\t\t\t\t<\/div>\n\t\t<\/div>\n\t\t\t\t\t<\/div>\n\t\t<\/section>\n\t\t\t\t\t<script>\n\t\t\t\t(function($) {\n                    \"use strict\";\n\n                    var target = $('.elementor-element-3877444');\n\n                    \n                    var EaelParallaxElement = {\n\n\t\t\t\t\t\tinit: function() {\n\t\t\t\t\t\t\telementorFrontend.hooks.addAction('frontend\/element_ready\/global', EaelParallaxElement.initWidget);\n\t\t\t\t\t\t},\n                        responsiveParallax: function(){\n                            var android = 1,\n                                ios = 1;\n                            switch( true || 1 ){\n                                case android && ios:\n                                    return \/iPad|iPhone|iPod|Android\/;\n                                    break;\n                                case android && ! ios:\n                                    return \/Android\/;\n                                    break;\n                                case ! android && ios:\n                                    return \/iPad|iPhone|iPod\/;\n                                    break;\n                                case ( ! android && ! ios ):\n                                    return null;\n                            }\n                        },\n\t\t\t\t\t\tinitWidget: function( $scope ) {\n\n\t\t\t\t\t\t\ttarget.jarallax({\n\t\t\t\t\t\t\t\ttype: 'scroll',\n\t\t\t\t\t\t\t\tspeed: 1.3,\n\t\t\t\t\t\t\t\tkeepImg: true,\n                                disableParallax: EaelParallaxElement.responsiveParallax(),\n\t\t\t\t\t\t\t});\n\t\t\t\t\t\t}\n\n\t\t\t\t\t};\n\n\t\t\t\t\t$( window ).on('elementor\/frontend\/init', EaelParallaxElement.init);\n\n                    \t\t\t\t}( jQuery ) );\n\t\t\t<\/script>\n\t\t\t\t<section data-particle_enable=\"false\" data-particle-mobile-disabled=\"false\" class=\"elementor-section elementor-top-section elementor-element elementor-element-f8b8e37 elementor-section-boxed elementor-section-height-default elementor-section-height-default\" data-id=\"f8b8e37\" data-element_type=\"section\" data-e-type=\"section\" data-settings=\"{&quot;background_background&quot;:&quot;gradient&quot;}\">\n\t\t\t\t\t\t<div class=\"elementor-container elementor-column-gap-default\">\n\t\t\t\t\t<div class=\"elementor-column elementor-col-100 elementor-top-column elementor-element elementor-element-68e9ba5\" data-id=\"68e9ba5\" data-element_type=\"column\" data-e-type=\"column\" data-settings=\"{&quot;background_background&quot;:&quot;classic&quot;}\">\n\t\t\t<div class=\"elementor-widget-wrap elementor-element-populated\">\n\t\t\t\t\t\t<div class=\"elementor-element elementor-element-d5118a3 elementor-widget elementor-widget-text-editor\" data-id=\"d5118a3\" data-element_type=\"widget\" data-e-type=\"widget\" data-widget_type=\"text-editor.default\">\n\t\t\t\t<div class=\"elementor-widget-container\">\n\t\t\t\t\t\t\t\t\t<h2>ENTRAIDE &amp; SOLIDARIT\u00c9<\/h2>\t\t\t\t\t\t\t\t<\/div>\n\t\t\t\t<\/div>\n\t\t\t\t<div class=\"elementor-element elementor-element-0a7d435 elementor-widget elementor-widget-eael-content-timeline\" data-id=\"0a7d435\" data-element_type=\"widget\" data-e-type=\"widget\" data-widget_type=\"eael-content-timeline.default\">\n\t\t\t\t<div class=\"elementor-widget-container\">\n\t\t\t\t\t\t\t<div id=\"eael-content-timeline-0a7d435\" class=\"content-timeline-layout-center date-position- horizontal-timeline-wrapper\" data-slide_to_scroll=\"{&quot;desktop&quot;:1,&quot;tablet&quot;:1,&quot;mobile&quot;:1}\">\n\t\t\t<div class=\"eael-content-timeline-container\">\n\t\t\t\t<div class=\"eael-content-timeline-container\">\n\t\t\t\t\t\t\t\t\t\t\t\t\t\t\t\t\t\t\t\t\t\t\t<div class=\"eael-content-timeline-block\">\n    <div class=\"eael-content-timeline-line\">\n        <div class=\"eael-content-timeline-inner\"><\/div>\n    <\/div>\n    <div class=\"eael-content-timeline-img eael-picture \"><svg class=\"e-font-icon-svg e-fas-pencil-alt\" viewBox=\"0 0 512 512\" xmlns=\"http:\/\/www.w3.org\/2000\/svg\"><path d=\"M497.9 142.1l-46.1 46.1c-4.7 4.7-12.3 4.7-17 0l-111-111c-4.7-4.7-4.7-12.3 0-17l46.1-46.1c18.7-18.7 49.1-18.7 67.9 0l60.1 60.1c18.8 18.7 18.8 49.1 0 67.9zM284.2 99.8L21.6 362.4.4 483.9c-2.9 16.4 11.4 30.6 27.8 27.8l121.5-21.3 262.6-262.6c4.7-4.7 4.7-12.3 0-17l-111-111c-4.8-4.7-12.4-4.7-17.1 0zM124.1 339.9c-5.5-5.5-5.5-14.3 0-19.8l154-154c5.5-5.5 14.3-5.5 19.8 0s5.5 14.3 0 19.8l-154 154c-5.5 5.5-14.3 5.5-19.8 0zM88 424h48v36.3l-64.5 11.3-31.1-31.1L51.7 376H88v48z\"><\/path><\/svg><\/div><div class=\"eael-content-timeline-content\"><h2 class=\"eael-timeline-title\"><a href=\"\"><\/a><\/h2><p><img fetchpriority=\"high\" decoding=\"async\" class=\"wp-image-422 aligncenter\" src=\"https:\/\/www.chevaliers-de-colomb.com\/wp-content\/uploads\/2022\/05\/serving_church-550x400-1-300x218.jpg\" alt=\"\" width=\"270\" height=\"196\" srcset=\"https:\/\/www.chevaliers-de-colomb.fr\/wp-content\/uploads\/2022\/05\/serving_church-550x400-1-300x218.jpg 300w, https:\/\/www.chevaliers-de-colomb.fr\/wp-content\/uploads\/2022\/05\/serving_church-550x400-1.jpg 550w\" sizes=\"(max-width: 270px) 100vw, 270px\" \/><br \/>Nous sommes en 1882 sur la c\u00f4te Est des Etats-Unis, au lendemain de la guerre civile.<br \/>C\u2019est en apprenant le d\u00e9c\u00e8s d\u2019un p\u00e8re de famille laissant une veuve et ses nombreux enfants dans le besoin que le P\u00e8re Michael McGivney, jeune cur\u00e9 de la paroisse Sainte Marie de New Haven, convoque une vingtaine d\u2019hommes dans la crypte de son \u00e9glise paroissiale.<\/p><span class=\"eael-date\">1882<\/span><\/div><\/div>\t\t\t\t\t\t\t\t\t\t\t\t\t\t\t\t\t\t<div class=\"eael-content-timeline-block\">\n    <div class=\"eael-content-timeline-line\">\n        <div class=\"eael-content-timeline-inner\"><\/div>\n    <\/div>\n    <div class=\"eael-content-timeline-img eael-picture \"><svg class=\"e-font-icon-svg e-fas-pencil-alt\" viewBox=\"0 0 512 512\" xmlns=\"http:\/\/www.w3.org\/2000\/svg\"><path d=\"M497.9 142.1l-46.1 46.1c-4.7 4.7-12.3 4.7-17 0l-111-111c-4.7-4.7-4.7-12.3 0-17l46.1-46.1c18.7-18.7 49.1-18.7 67.9 0l60.1 60.1c18.8 18.7 18.8 49.1 0 67.9zM284.2 99.8L21.6 362.4.4 483.9c-2.9 16.4 11.4 30.6 27.8 27.8l121.5-21.3 262.6-262.6c4.7-4.7 4.7-12.3 0-17l-111-111c-4.8-4.7-12.4-4.7-17.1 0zM124.1 339.9c-5.5-5.5-5.5-14.3 0-19.8l154-154c5.5-5.5 14.3-5.5 19.8 0s5.5 14.3 0 19.8l-154 154c-5.5 5.5-14.3 5.5-19.8 0zM88 424h48v36.3l-64.5 11.3-31.1-31.1L51.7 376H88v48z\"><\/path><\/svg><\/div><div class=\"eael-content-timeline-content\"><h2 class=\"eael-timeline-title\"><a href=\"\">rester fid\u00e8les \u00e0 l\u2019enseignement de l\u2019Eglise<\/a><\/h2><p><img decoding=\"async\" class=\"size-medium wp-image-427 aligncenter\" src=\"https:\/\/www.chevaliers-de-colomb.com\/wp-content\/uploads\/2022\/05\/Knights-of-Columbus-Multimedia-Archive-002-550x400-1-300x218.jpg\" alt=\"\" width=\"300\" height=\"218\" srcset=\"https:\/\/www.chevaliers-de-colomb.fr\/wp-content\/uploads\/2022\/05\/Knights-of-Columbus-Multimedia-Archive-002-550x400-1-300x218.jpg 300w, https:\/\/www.chevaliers-de-colomb.fr\/wp-content\/uploads\/2022\/05\/Knights-of-Columbus-Multimedia-Archive-002-550x400-1.jpg 550w\" sizes=\"(max-width: 300px) 100vw, 300px\" \/><\/p><p>Les catholiques sont tr\u00e8s minoritaires et paup\u00e9ris\u00e9s dans la soci\u00e9t\u00e9. Le jeune P\u00e8re McGivney exhorte ses hommes \u00e0 prendre conscience du besoin urgent de solidarit\u00e9 et d\u2019unit\u00e9 entre eux : pour s'entraider et mieux soutenir leurs familles, pour rester fid\u00e8les \u00e0 l\u2019enseignement de l\u2019Eglise et contribuer \u00e0 l'\u00e9vang\u00e9lisation de leur continent.<\/p><p>Convaincus par les propos de leur pasteur, ils decident de fonder une organisation de bienfaisance d'hommes catholiques, rassembl\u00e9e autour des paroisses.<\/p><p>\u00a0<\/p><span class=\"eael-date\">1882<\/span><\/div><\/div>\t\t\t\t\t\t\t\t\t\t\t\t\t\t\t\t\t\t<div class=\"eael-content-timeline-block\">\n    <div class=\"eael-content-timeline-line\">\n        <div class=\"eael-content-timeline-inner\"><\/div>\n    <\/div>\n    <div class=\"eael-content-timeline-img eael-picture \"><svg class=\"e-font-icon-svg e-fas-pencil-alt\" viewBox=\"0 0 512 512\" xmlns=\"http:\/\/www.w3.org\/2000\/svg\"><path d=\"M497.9 142.1l-46.1 46.1c-4.7 4.7-12.3 4.7-17 0l-111-111c-4.7-4.7-4.7-12.3 0-17l46.1-46.1c18.7-18.7 49.1-18.7 67.9 0l60.1 60.1c18.8 18.7 18.8 49.1 0 67.9zM284.2 99.8L21.6 362.4.4 483.9c-2.9 16.4 11.4 30.6 27.8 27.8l121.5-21.3 262.6-262.6c4.7-4.7 4.7-12.3 0-17l-111-111c-4.8-4.7-12.4-4.7-17.1 0zM124.1 339.9c-5.5-5.5-5.5-14.3 0-19.8l154-154c5.5-5.5 14.3-5.5 19.8 0s5.5 14.3 0 19.8l-154 154c-5.5 5.5-14.3 5.5-19.8 0zM88 424h48v36.3l-64.5 11.3-31.1-31.1L51.7 376H88v48z\"><\/path><\/svg><\/div><div class=\"eael-content-timeline-content\"><h2 class=\"eael-timeline-title\"><a href=\"\">Christophe Colomb<\/a><\/h2><p><img decoding=\"async\" class=\"size-medium wp-image-428 aligncenter\" src=\"https:\/\/www.chevaliers-de-colomb.com\/wp-content\/uploads\/2022\/05\/christoph-colomb-300x218.jpg\" alt=\"\" width=\"300\" height=\"218\" srcset=\"https:\/\/www.chevaliers-de-colomb.fr\/wp-content\/uploads\/2022\/05\/christoph-colomb-300x218.jpg 300w, https:\/\/www.chevaliers-de-colomb.fr\/wp-content\/uploads\/2022\/05\/christoph-colomb.jpg 550w\" sizes=\"(max-width: 300px) 100vw, 300px\" \/><\/p><p>Ils choisissent de se placer sous le patronage de Christophe Colomb, figure respect\u00e9e et reconnue de la\u00efc catholique, d\u00e9couvreur des Am\u00e9riques.<\/p><p>Ces hommes d\u00e9sirent \u00e9galement s\u2019appeler \u00ab chevaliers \u00bb, en hommage \u00e0 l\u2019engagement de leurs anc\u00eatres chr\u00e9tiens europ\u00e9ens.<\/p><p>En fondant les \"Chevaliers de Colomb\", le P\u00e8re McGivney souhaite avant tout servir et accompagner la famille, premier lieu d'apprentissage de la vie sociale et de transmission de la Foi.<\/p><p>Afin de prot\u00e9ger les familles en cas d'accident, ils d\u00e9cident de cr\u00e9er une \"caisse de solidarit\u00e9\" qui devient une mutuelle.<\/p><span class=\"eael-date\">1882<\/span><\/div><\/div>\t\t\t\t\t\t\t\t\t\t\t\t\t\t\t\t\t\t<div class=\"eael-content-timeline-block\">\n    <div class=\"eael-content-timeline-line\">\n        <div class=\"eael-content-timeline-inner\"><\/div>\n    <\/div>\n    <div class=\"eael-content-timeline-img eael-picture \"><svg class=\"e-font-icon-svg e-fas-pencil-alt\" viewBox=\"0 0 512 512\" xmlns=\"http:\/\/www.w3.org\/2000\/svg\"><path d=\"M497.9 142.1l-46.1 46.1c-4.7 4.7-12.3 4.7-17 0l-111-111c-4.7-4.7-4.7-12.3 0-17l46.1-46.1c18.7-18.7 49.1-18.7 67.9 0l60.1 60.1c18.8 18.7 18.8 49.1 0 67.9zM284.2 99.8L21.6 362.4.4 483.9c-2.9 16.4 11.4 30.6 27.8 27.8l121.5-21.3 262.6-262.6c4.7-4.7 4.7-12.3 0-17l-111-111c-4.8-4.7-12.4-4.7-17.1 0zM124.1 339.9c-5.5-5.5-5.5-14.3 0-19.8l154-154c5.5-5.5 14.3-5.5 19.8 0s5.5 14.3 0 19.8l-154 154c-5.5 5.5-14.3 5.5-19.8 0zM88 424h48v36.3l-64.5 11.3-31.1-31.1L51.7 376H88v48z\"><\/path><\/svg><\/div><div class=\"eael-content-timeline-content\"><h2 class=\"eael-timeline-title\"><a href=\"\">Un rayonnement international<\/a><\/h2><p><img loading=\"lazy\" decoding=\"async\" class=\"size-medium wp-image-432 aligncenter\" src=\"https:\/\/www.chevaliers-de-colomb.com\/wp-content\/uploads\/2022\/05\/messeaucombat-550x400-1-300x218.jpg\" alt=\"\" width=\"300\" height=\"218\" srcset=\"https:\/\/www.chevaliers-de-colomb.fr\/wp-content\/uploads\/2022\/05\/messeaucombat-550x400-1-300x218.jpg 300w, https:\/\/www.chevaliers-de-colomb.fr\/wp-content\/uploads\/2022\/05\/messeaucombat-550x400-1.jpg 550w\" sizes=\"(max-width: 300px) 100vw, 300px\" \/><\/p><p>Tr\u00e8s vite, les groupes d'hommes appel\u00e9s \"conseils\" se d\u00e9veloppent autour des paroisses et bient\u00f4t, au-del\u00e0 des fronti\u00e8res am\u00e9ricaines et canadiennes.<\/p><p>Anticipant ainsi l'av\u00e8nement de minorit\u00e9s cr\u00e9atives et la vision du Concile Vatican II, l'appel d'un jeune pr\u00eatre de paroisse a ainsi conduit \u00e0 la constitution d'un immense mouvement d'hommes la\u00efcs catholiques mobilis\u00e9s au service de l'Eglise.<\/p><p>Dans un \u00e9lan populaire et missionnaire, les conseils des Chevaliers de Colomb sont aujourd'hui pr\u00e9sents et actifs dans pr\u00e8s de quinze pays et pr\u00e8s de seize mille paroisses dans le monde.<\/p><p><img loading=\"lazy\" decoding=\"async\" class=\"size-medium wp-image-433 aligncenter\" src=\"https:\/\/www.chevaliers-de-colomb.com\/wp-content\/uploads\/2022\/05\/IMG_1735-550x400-1-300x218.jpg\" alt=\"\" width=\"300\" height=\"218\" srcset=\"https:\/\/www.chevaliers-de-colomb.fr\/wp-content\/uploads\/2022\/05\/IMG_1735-550x400-1-300x218.jpg 300w, https:\/\/www.chevaliers-de-colomb.fr\/wp-content\/uploads\/2022\/05\/IMG_1735-550x400-1.jpg 550w\" sizes=\"(max-width: 300px) 100vw, 300px\" \/><\/p><span class=\"eael-date\">1882<\/span><\/div><\/div>\t\t\t\t<\/div>\n\t\t\t<\/div>\n\t\t<\/div>\n\t\t\t\t\t<\/div>\n\t\t\t\t<\/div>\n\t\t\t\t\t<\/div>\n\t\t<\/div>\n\t\t\t\t\t<\/div>\n\t\t<\/section>\n\t\t\t\t<section data-particle_enable=\"false\" data-particle-mobile-disabled=\"false\" class=\"elementor-section elementor-top-section elementor-element elementor-element-656d0cf elementor-section-boxed elementor-section-height-default elementor-section-height-default\" data-id=\"656d0cf\" data-element_type=\"section\" data-e-type=\"section\" data-settings=\"{&quot;background_background&quot;:&quot;classic&quot;}\">\n\t\t\t\t\t\t<div class=\"elementor-container elementor-column-gap-default\">\n\t\t\t\t\t<div class=\"elementor-column elementor-col-100 elementor-top-column elementor-element elementor-element-89f8c4d\" data-id=\"89f8c4d\" data-element_type=\"column\" data-e-type=\"column\">\n\t\t\t<div class=\"elementor-widget-wrap elementor-element-populated\">\n\t\t\t\t\t\t<div class=\"elementor-element elementor-element-65633d4 elementor-widget elementor-widget-spacer\" data-id=\"65633d4\" data-element_type=\"widget\" data-e-type=\"widget\" data-widget_type=\"spacer.default\">\n\t\t\t\t<div class=\"elementor-widget-container\">\n\t\t\t\t\t\t\t<div class=\"elementor-spacer\">\n\t\t\t<div class=\"elementor-spacer-inner\"><\/div>\n\t\t<\/div>\n\t\t\t\t\t\t<\/div>\n\t\t\t\t<\/div>\n\t\t\t\t\t<\/div>\n\t\t<\/div>\n\t\t\t\t\t<\/div>\n\t\t<\/section>\n\t\t\t\t<\/div>\n\t\t","protected":false},"excerpt":{"rendered":"<p>fondation ENTRAIDE &amp; SOLIDARIT\u00c9 Nous sommes en 1882 sur la c\u00f4te Est des Etats-Unis, au lendemain de la guerre civile.C\u2019est en apprenant le d\u00e9c\u00e8s d\u2019un p\u00e8re de famille laissant une veuve et ses nombreux enfants dans le besoin que le P\u00e8re Michael McGivney, jeune cur\u00e9 de la paroisse Sainte Marie de New Haven, convoque une [&hellip;]<\/p>\n","protected":false},"author":1,"featured_media":0,"parent":0,"menu_order":0,"comment_status":"closed","ping_status":"closed","template":"elementor_header_footer","meta":{"footnotes":""},"class_list":["post-208","page","type-page","status-publish","hentry"],"yoast_head":"<!-- This site is optimized with the Yoast SEO plugin v27.5 - https:\/\/yoast.com\/product\/yoast-seo-wordpress\/ -->\n<title>Fondation - Les chevaliers de Colomb France<\/title>\n<meta name=\"robots\" content=\"index, follow, max-snippet:-1, max-image-preview:large, max-video-preview:-1\" \/>\n<link rel=\"canonical\" href=\"https:\/\/www.chevaliers-de-colomb.fr\/index.php\/fondation\/\" \/>\n<meta property=\"og:locale\" content=\"fr_FR\" \/>\n<meta property=\"og:type\" content=\"article\" \/>\n<meta property=\"og:title\" content=\"Fondation - Les chevaliers de Colomb France\" \/>\n<meta property=\"og:description\" content=\"fondation ENTRAIDE &amp; SOLIDARIT\u00c9 Nous sommes en 1882 sur la c\u00f4te Est des Etats-Unis, au lendemain de la guerre civile.C\u2019est en apprenant le d\u00e9c\u00e8s d\u2019un p\u00e8re de famille laissant une veuve et ses nombreux enfants dans le besoin que le P\u00e8re Michael McGivney, jeune cur\u00e9 de la paroisse Sainte Marie de New Haven, convoque une [&hellip;]\" \/>\n<meta property=\"og:url\" content=\"https:\/\/www.chevaliers-de-colomb.fr\/index.php\/fondation\/\" \/>\n<meta property=\"og:site_name\" content=\"Les chevaliers de Colomb France\" \/>\n<meta property=\"article:modified_time\" content=\"2023-03-15T17:08:26+00:00\" \/>\n<meta property=\"og:image\" content=\"https:\/\/www.chevaliers-de-colomb.com\/wp-content\/uploads\/2022\/05\/serving_church-550x400-1-300x218.jpg\" \/>\n<meta name=\"twitter:card\" content=\"summary_large_image\" \/>\n<meta name=\"twitter:label1\" content=\"Dur\u00e9e de lecture estim\u00e9e\" \/>\n\t<meta name=\"twitter:data1\" content=\"3 minutes\" \/>\n<script type=\"application\/ld+json\" class=\"yoast-schema-graph\">{\"@context\":\"https:\\\/\\\/schema.org\",\"@graph\":[{\"@type\":\"WebPage\",\"@id\":\"https:\\\/\\\/www.chevaliers-de-colomb.fr\\\/index.php\\\/fondation\\\/\",\"url\":\"https:\\\/\\\/www.chevaliers-de-colomb.fr\\\/index.php\\\/fondation\\\/\",\"name\":\"Fondation - Les chevaliers de Colomb France\",\"isPartOf\":{\"@id\":\"https:\\\/\\\/www.chevaliers-de-colomb.fr\\\/#website\"},\"primaryImageOfPage\":{\"@id\":\"https:\\\/\\\/www.chevaliers-de-colomb.fr\\\/index.php\\\/fondation\\\/#primaryimage\"},\"image\":{\"@id\":\"https:\\\/\\\/www.chevaliers-de-colomb.fr\\\/index.php\\\/fondation\\\/#primaryimage\"},\"thumbnailUrl\":\"https:\\\/\\\/www.chevaliers-de-colomb.com\\\/wp-content\\\/uploads\\\/2022\\\/05\\\/serving_church-550x400-1-300x218.jpg\",\"datePublished\":\"2022-05-24T09:38:16+00:00\",\"dateModified\":\"2023-03-15T17:08:26+00:00\",\"breadcrumb\":{\"@id\":\"https:\\\/\\\/www.chevaliers-de-colomb.fr\\\/index.php\\\/fondation\\\/#breadcrumb\"},\"inLanguage\":\"fr-FR\",\"potentialAction\":[{\"@type\":\"ReadAction\",\"target\":[\"https:\\\/\\\/www.chevaliers-de-colomb.fr\\\/index.php\\\/fondation\\\/\"]}]},{\"@type\":\"ImageObject\",\"inLanguage\":\"fr-FR\",\"@id\":\"https:\\\/\\\/www.chevaliers-de-colomb.fr\\\/index.php\\\/fondation\\\/#primaryimage\",\"url\":\"https:\\\/\\\/www.chevaliers-de-colomb.com\\\/wp-content\\\/uploads\\\/2022\\\/05\\\/serving_church-550x400-1-300x218.jpg\",\"contentUrl\":\"https:\\\/\\\/www.chevaliers-de-colomb.com\\\/wp-content\\\/uploads\\\/2022\\\/05\\\/serving_church-550x400-1-300x218.jpg\"},{\"@type\":\"BreadcrumbList\",\"@id\":\"https:\\\/\\\/www.chevaliers-de-colomb.fr\\\/index.php\\\/fondation\\\/#breadcrumb\",\"itemListElement\":[{\"@type\":\"ListItem\",\"position\":1,\"name\":\"Accueil\",\"item\":\"https:\\\/\\\/www.chevaliers-de-colomb.fr\\\/\"},{\"@type\":\"ListItem\",\"position\":2,\"name\":\"Fondation\"}]},{\"@type\":\"WebSite\",\"@id\":\"https:\\\/\\\/www.chevaliers-de-colomb.fr\\\/#website\",\"url\":\"https:\\\/\\\/www.chevaliers-de-colomb.fr\\\/\",\"name\":\"Les chevaliers de Colomb France\",\"description\":\"Site des chevaliers de Colomb en France, les conseils, l&#039;histoire, les informations pratiques\",\"publisher\":{\"@id\":\"https:\\\/\\\/www.chevaliers-de-colomb.fr\\\/#organization\"},\"potentialAction\":[{\"@type\":\"SearchAction\",\"target\":{\"@type\":\"EntryPoint\",\"urlTemplate\":\"https:\\\/\\\/www.chevaliers-de-colomb.fr\\\/?s={search_term_string}\"},\"query-input\":{\"@type\":\"PropertyValueSpecification\",\"valueRequired\":true,\"valueName\":\"search_term_string\"}}],\"inLanguage\":\"fr-FR\"},{\"@type\":\"Organization\",\"@id\":\"https:\\\/\\\/www.chevaliers-de-colomb.fr\\\/#organization\",\"name\":\"Les chevaliers de Colomb France\",\"url\":\"https:\\\/\\\/www.chevaliers-de-colomb.fr\\\/\",\"logo\":{\"@type\":\"ImageObject\",\"inLanguage\":\"fr-FR\",\"@id\":\"https:\\\/\\\/www.chevaliers-de-colomb.fr\\\/#\\\/schema\\\/logo\\\/image\\\/\",\"url\":\"https:\\\/\\\/www.chevaliers-de-colomb.fr\\\/wp-content\\\/uploads\\\/2022\\\/05\\\/logo-chevaliers-de-colomb.png\",\"contentUrl\":\"https:\\\/\\\/www.chevaliers-de-colomb.fr\\\/wp-content\\\/uploads\\\/2022\\\/05\\\/logo-chevaliers-de-colomb.png\",\"width\":397,\"height\":95,\"caption\":\"Les chevaliers de Colomb France\"},\"image\":{\"@id\":\"https:\\\/\\\/www.chevaliers-de-colomb.fr\\\/#\\\/schema\\\/logo\\\/image\\\/\"}}]}<\/script>\n<!-- \/ Yoast SEO plugin. -->","yoast_head_json":{"title":"Fondation - Les chevaliers de Colomb France","robots":{"index":"index","follow":"follow","max-snippet":"max-snippet:-1","max-image-preview":"max-image-preview:large","max-video-preview":"max-video-preview:-1"},"canonical":"https:\/\/www.chevaliers-de-colomb.fr\/index.php\/fondation\/","og_locale":"fr_FR","og_type":"article","og_title":"Fondation - Les chevaliers de Colomb France","og_description":"fondation ENTRAIDE &amp; SOLIDARIT\u00c9 Nous sommes en 1882 sur la c\u00f4te Est des Etats-Unis, au lendemain de la guerre civile.C\u2019est en apprenant le d\u00e9c\u00e8s d\u2019un p\u00e8re de famille laissant une veuve et ses nombreux enfants dans le besoin que le P\u00e8re Michael McGivney, jeune cur\u00e9 de la paroisse Sainte Marie de New Haven, convoque une [&hellip;]","og_url":"https:\/\/www.chevaliers-de-colomb.fr\/index.php\/fondation\/","og_site_name":"Les chevaliers de Colomb France","article_modified_time":"2023-03-15T17:08:26+00:00","og_image":[{"url":"https:\/\/www.chevaliers-de-colomb.com\/wp-content\/uploads\/2022\/05\/serving_church-550x400-1-300x218.jpg","type":"","width":"","height":""}],"twitter_card":"summary_large_image","twitter_misc":{"Dur\u00e9e de lecture estim\u00e9e":"3 minutes"},"schema":{"@context":"https:\/\/schema.org","@graph":[{"@type":"WebPage","@id":"https:\/\/www.chevaliers-de-colomb.fr\/index.php\/fondation\/","url":"https:\/\/www.chevaliers-de-colomb.fr\/index.php\/fondation\/","name":"Fondation - Les chevaliers de Colomb France","isPartOf":{"@id":"https:\/\/www.chevaliers-de-colomb.fr\/#website"},"primaryImageOfPage":{"@id":"https:\/\/www.chevaliers-de-colomb.fr\/index.php\/fondation\/#primaryimage"},"image":{"@id":"https:\/\/www.chevaliers-de-colomb.fr\/index.php\/fondation\/#primaryimage"},"thumbnailUrl":"https:\/\/www.chevaliers-de-colomb.com\/wp-content\/uploads\/2022\/05\/serving_church-550x400-1-300x218.jpg","datePublished":"2022-05-24T09:38:16+00:00","dateModified":"2023-03-15T17:08:26+00:00","breadcrumb":{"@id":"https:\/\/www.chevaliers-de-colomb.fr\/index.php\/fondation\/#breadcrumb"},"inLanguage":"fr-FR","potentialAction":[{"@type":"ReadAction","target":["https:\/\/www.chevaliers-de-colomb.fr\/index.php\/fondation\/"]}]},{"@type":"ImageObject","inLanguage":"fr-FR","@id":"https:\/\/www.chevaliers-de-colomb.fr\/index.php\/fondation\/#primaryimage","url":"https:\/\/www.chevaliers-de-colomb.com\/wp-content\/uploads\/2022\/05\/serving_church-550x400-1-300x218.jpg","contentUrl":"https:\/\/www.chevaliers-de-colomb.com\/wp-content\/uploads\/2022\/05\/serving_church-550x400-1-300x218.jpg"},{"@type":"BreadcrumbList","@id":"https:\/\/www.chevaliers-de-colomb.fr\/index.php\/fondation\/#breadcrumb","itemListElement":[{"@type":"ListItem","position":1,"name":"Accueil","item":"https:\/\/www.chevaliers-de-colomb.fr\/"},{"@type":"ListItem","position":2,"name":"Fondation"}]},{"@type":"WebSite","@id":"https:\/\/www.chevaliers-de-colomb.fr\/#website","url":"https:\/\/www.chevaliers-de-colomb.fr\/","name":"Les chevaliers de Colomb France","description":"Site des chevaliers de Colomb en France, les conseils, l&#039;histoire, les informations pratiques","publisher":{"@id":"https:\/\/www.chevaliers-de-colomb.fr\/#organization"},"potentialAction":[{"@type":"SearchAction","target":{"@type":"EntryPoint","urlTemplate":"https:\/\/www.chevaliers-de-colomb.fr\/?s={search_term_string}"},"query-input":{"@type":"PropertyValueSpecification","valueRequired":true,"valueName":"search_term_string"}}],"inLanguage":"fr-FR"},{"@type":"Organization","@id":"https:\/\/www.chevaliers-de-colomb.fr\/#organization","name":"Les chevaliers de Colomb France","url":"https:\/\/www.chevaliers-de-colomb.fr\/","logo":{"@type":"ImageObject","inLanguage":"fr-FR","@id":"https:\/\/www.chevaliers-de-colomb.fr\/#\/schema\/logo\/image\/","url":"https:\/\/www.chevaliers-de-colomb.fr\/wp-content\/uploads\/2022\/05\/logo-chevaliers-de-colomb.png","contentUrl":"https:\/\/www.chevaliers-de-colomb.fr\/wp-content\/uploads\/2022\/05\/logo-chevaliers-de-colomb.png","width":397,"height":95,"caption":"Les chevaliers de Colomb France"},"image":{"@id":"https:\/\/www.chevaliers-de-colomb.fr\/#\/schema\/logo\/image\/"}}]}},"_links":{"self":[{"href":"https:\/\/www.chevaliers-de-colomb.fr\/index.php\/wp-json\/wp\/v2\/pages\/208","targetHints":{"allow":["GET"]}}],"collection":[{"href":"https:\/\/www.chevaliers-de-colomb.fr\/index.php\/wp-json\/wp\/v2\/pages"}],"about":[{"href":"https:\/\/www.chevaliers-de-colomb.fr\/index.php\/wp-json\/wp\/v2\/types\/page"}],"author":[{"embeddable":true,"href":"https:\/\/www.chevaliers-de-colomb.fr\/index.php\/wp-json\/wp\/v2\/users\/1"}],"replies":[{"embeddable":true,"href":"https:\/\/www.chevaliers-de-colomb.fr\/index.php\/wp-json\/wp\/v2\/comments?post=208"}],"version-history":[{"count":0,"href":"https:\/\/www.chevaliers-de-colomb.fr\/index.php\/wp-json\/wp\/v2\/pages\/208\/revisions"}],"wp:attachment":[{"href":"https:\/\/www.chevaliers-de-colomb.fr\/index.php\/wp-json\/wp\/v2\/media?parent=208"}],"curies":[{"name":"wp","href":"https:\/\/api.w.org\/{rel}","templated":true}]}}