{"id":1021,"date":"2022-05-31T16:53:34","date_gmt":"2022-05-31T14:53:34","guid":{"rendered":"https:\/\/www.chevaliers-de-colomb.com\/?page_id=1021"},"modified":"2023-03-15T19:28:01","modified_gmt":"2023-03-15T18:28:01","slug":"des-objections","status":"publish","type":"page","link":"https:\/\/www.chevaliers-de-colomb.fr\/index.php\/des-objections\/","title":{"rendered":"des objections"},"content":{"rendered":"\t\t<div data-elementor-type=\"wp-page\" data-elementor-id=\"1021\" class=\"elementor elementor-1021\" data-elementor-post-type=\"page\">\n\t\t\t\t\t\t<section data-particle_enable=\"false\" data-particle-mobile-disabled=\"false true\" class=\"elementor-section elementor-top-section elementor-element elementor-element-3877444 elementor-section-stretched elementor-hidden-tablet elementor-hidden-mobile elementor-section-content-top elementor-section-boxed elementor-section-height-default elementor-section-height-default\" data-id=\"3877444\" data-element_type=\"section\" data-e-type=\"section\" data-settings=\"{&quot;stretch_section&quot;:&quot;section-stretched&quot;,&quot;background_background&quot;:&quot;classic&quot;,&quot;shape_divider_bottom&quot;:&quot;triangle-asymmetrical&quot;,&quot;background_motion_fx_motion_fx_scrolling&quot;:&quot;yes&quot;,&quot;background_motion_fx_translateY_effect&quot;:&quot;yes&quot;,&quot;background_motion_fx_translateY_speed&quot;:{&quot;unit&quot;:&quot;px&quot;,&quot;size&quot;:4,&quot;sizes&quot;:[]},&quot;background_motion_fx_translateY_affectedRange&quot;:{&quot;unit&quot;:&quot;%&quot;,&quot;size&quot;:&quot;&quot;,&quot;sizes&quot;:{&quot;start&quot;:0,&quot;end&quot;:100}},&quot;background_motion_fx_devices&quot;:[&quot;desktop&quot;,&quot;tablet&quot;,&quot;mobile&quot;]}\">\n\t\t\t\t\t\t\t<div class=\"elementor-background-overlay\"><\/div>\n\t\t\t\t\t\t<div class=\"elementor-shape elementor-shape-bottom\" aria-hidden=\"true\" data-negative=\"false\">\n\t\t\t<svg xmlns=\"http:\/\/www.w3.org\/2000\/svg\" viewBox=\"0 0 1000 100\" preserveAspectRatio=\"none\">\n\t<path class=\"elementor-shape-fill\" d=\"M738,99l262-93V0H0v5.6L738,99z\"\/>\n<\/svg>\t\t<\/div>\n\t\t\t\t\t<div class=\"elementor-container elementor-column-gap-default\">\n\t\t\t\t\t<div class=\"elementor-column elementor-col-100 elementor-top-column elementor-element elementor-element-55f0cb7\" data-id=\"55f0cb7\" data-element_type=\"column\" data-e-type=\"column\">\n\t\t\t<div class=\"elementor-widget-wrap elementor-element-populated\">\n\t\t\t\t\t\t<div class=\"elementor-element elementor-element-ecf53c6 elementor-widget elementor-widget-text-editor\" data-id=\"ecf53c6\" data-element_type=\"widget\" data-e-type=\"widget\" data-widget_type=\"text-editor.default\">\n\t\t\t\t<div class=\"elementor-widget-container\">\n\t\t\t\t\t\t\t\t\t<p style=\"text-align: right;\">Les objections<\/p>\t\t\t\t\t\t\t\t<\/div>\n\t\t\t\t<\/div>\n\t\t\t\t\t<\/div>\n\t\t<\/div>\n\t\t\t\t\t<\/div>\n\t\t<\/section>\n\t\t\t\t\t<script>\n\t\t\t\t(function($) {\n                    \"use strict\";\n\n                    var target = $('.elementor-element-3877444');\n\n                    \n                    var EaelParallaxElement = {\n\n\t\t\t\t\t\tinit: function() {\n\t\t\t\t\t\t\telementorFrontend.hooks.addAction('frontend\/element_ready\/global', EaelParallaxElement.initWidget);\n\t\t\t\t\t\t},\n                        responsiveParallax: function(){\n                            var android = 1,\n                                ios = 1;\n                            switch( true || 1 ){\n                                case android && ios:\n                                    return \/iPad|iPhone|iPod|Android\/;\n                                    break;\n                                case android && ! ios:\n                                    return \/Android\/;\n                                    break;\n                                case ! android && ios:\n                                    return \/iPad|iPhone|iPod\/;\n                                    break;\n                                case ( ! android && ! ios ):\n                                    return null;\n                            }\n                        },\n\t\t\t\t\t\tinitWidget: function( $scope ) {\n\n\t\t\t\t\t\t\ttarget.jarallax({\n\t\t\t\t\t\t\t\ttype: 'scroll',\n\t\t\t\t\t\t\t\tspeed: 1.3,\n\t\t\t\t\t\t\t\tkeepImg: true,\n                                disableParallax: EaelParallaxElement.responsiveParallax(),\n\t\t\t\t\t\t\t});\n\t\t\t\t\t\t}\n\n\t\t\t\t\t};\n\n\t\t\t\t\t$( window ).on('elementor\/frontend\/init', EaelParallaxElement.init);\n\n                    \t\t\t\t}( jQuery ) );\n\t\t\t<\/script>\n\t\t\t\t<section data-particle_enable=\"false\" data-particle-mobile-disabled=\"false\" class=\"elementor-section elementor-top-section elementor-element elementor-element-f8b8e37 elementor-section-boxed elementor-section-height-default elementor-section-height-default\" data-id=\"f8b8e37\" data-element_type=\"section\" data-e-type=\"section\" data-settings=\"{&quot;background_background&quot;:&quot;gradient&quot;}\">\n\t\t\t\t\t\t<div class=\"elementor-container elementor-column-gap-default\">\n\t\t\t\t\t<div class=\"elementor-column elementor-col-100 elementor-top-column elementor-element elementor-element-f039f09\" data-id=\"f039f09\" data-element_type=\"column\" data-e-type=\"column\" data-settings=\"{&quot;background_background&quot;:&quot;classic&quot;}\">\n\t\t\t<div class=\"elementor-widget-wrap elementor-element-populated\">\n\t\t\t\t\t\t<section data-particle_enable=\"false\" data-particle-mobile-disabled=\"false\" class=\"elementor-section elementor-inner-section elementor-element elementor-element-23f7ded elementor-section-boxed elementor-section-height-default elementor-section-height-default\" data-id=\"23f7ded\" data-element_type=\"section\" data-e-type=\"section\" data-settings=\"{&quot;background_background&quot;:&quot;classic&quot;}\">\n\t\t\t\t\t\t<div class=\"elementor-container elementor-column-gap-default\">\n\t\t\t\t\t<div class=\"elementor-column elementor-col-33 elementor-inner-column elementor-element elementor-element-fc1eafd\" data-id=\"fc1eafd\" data-element_type=\"column\" data-e-type=\"column\">\n\t\t\t<div class=\"elementor-widget-wrap elementor-element-populated\">\n\t\t\t\t\t\t<div class=\"elementor-element elementor-element-79ad229 elementor-widget elementor-widget-text-editor\" data-id=\"79ad229\" data-element_type=\"widget\" data-e-type=\"widget\" data-widget_type=\"text-editor.default\">\n\t\t\t\t<div class=\"elementor-widget-container\">\n\t\t\t\t\t\t\t\t\t<h2 style=\"text-align: left;\">LE PROJET N&rsquo;EST PAS ASSEZ SPIRITUEL<\/h2><p>Les Chevaliers de Colomb ne repr\u00e9sentent pas un mouvement de spiritualit\u00e9. Leur \u00ab\u00a0couleur\u00a0\u00bb spirituelle est celle de l&rsquo;Eglise Catholique. Les hommes sont engag\u00e9s en tant que catholiques, avec la richesse et la compl\u00e9mentarit\u00e9 de leur sensibilit\u00e9 spirituelle. Un point commun : leur attachement \u00e0 la foi catholique, \u00e0 son enseignement social et moral et le d\u00e9sir ardent de servir la paroisse et le pr\u00eatre, dans un \u00e9lan missionnaire.<\/p>\t\t\t\t\t\t\t\t<\/div>\n\t\t\t\t<\/div>\n\t\t\t\t\t<\/div>\n\t\t<\/div>\n\t\t\t\t<div class=\"elementor-column elementor-col-33 elementor-inner-column elementor-element elementor-element-a00bc8a\" data-id=\"a00bc8a\" data-element_type=\"column\" data-e-type=\"column\">\n\t\t\t<div class=\"elementor-widget-wrap elementor-element-populated\">\n\t\t\t\t\t\t<div class=\"elementor-element elementor-element-81c8cdc elementor-widget elementor-widget-text-editor\" data-id=\"81c8cdc\" data-element_type=\"widget\" data-e-type=\"widget\" data-widget_type=\"text-editor.default\">\n\t\t\t\t<div class=\"elementor-widget-container\">\n\t\t\t\t\t\t\t\t\t<h2 style=\"text-align: left;\">NOUS N&rsquo;AVONS PLUS DE TEMPS POUR L&rsquo;ENGAGEMENT<\/h2><p>L&rsquo;organisation des Conseils est volontairement assez norm\u00e9e. La m\u00e9thodologie employ\u00e9e dans le suivi des programmes permet de s&rsquo;engager pour une heure par mois (dur\u00e9e de la r\u00e9union mensuelle), soit 1 \/ 720 \u00e8me de son temps. Plus les hommes seront nombreux et les projets simples et r\u00e9alistes, et plus cette dur\u00e9e d&rsquo;engagement sera indolore.<\/p>\t\t\t\t\t\t\t\t<\/div>\n\t\t\t\t<\/div>\n\t\t\t\t\t<\/div>\n\t\t<\/div>\n\t\t\t\t<div class=\"elementor-column elementor-col-33 elementor-inner-column elementor-element elementor-element-1862dce\" data-id=\"1862dce\" data-element_type=\"column\" data-e-type=\"column\">\n\t\t\t<div class=\"elementor-widget-wrap elementor-element-populated\">\n\t\t\t\t\t\t<div class=\"elementor-element elementor-element-0385c1e elementor-widget elementor-widget-text-editor\" data-id=\"0385c1e\" data-element_type=\"widget\" data-e-type=\"widget\" data-widget_type=\"text-editor.default\">\n\t\t\t\t<div class=\"elementor-widget-container\">\n\t\t\t\t\t\t\t\t\t<h2 style=\"text-align: left;\">C\u2019EST UN PROJET TYPIQUEMENT AM\u00c9RICAIN<\/h2><p>D&rsquo;inspiration am\u00e9ricaine, ce projet s&rsquo;est d\u00e9velopp\u00e9 dans plus de quinze pays dans le monde. Les enjeux d&rsquo;inculturation sont importants et nous pensons que l&rsquo;esprit fran\u00e7ais peut s&rsquo;enrichir en accueillant des bonnes pratiques venant de l&rsquo;international (simplicit\u00e9 dans les relations, m\u00e9thodologie, expression de besoins, parole donn\u00e9e, partage de bonnes pratiques, enrichissement spirituel et culturel &#8230;).<\/p>\t\t\t\t\t\t\t\t<\/div>\n\t\t\t\t<\/div>\n\t\t\t\t\t<\/div>\n\t\t<\/div>\n\t\t\t\t\t<\/div>\n\t\t<\/section>\n\t\t\t\t\t<\/div>\n\t\t<\/div>\n\t\t\t\t\t<\/div>\n\t\t<\/section>\n\t\t\t\t<section data-particle_enable=\"false\" data-particle-mobile-disabled=\"false\" class=\"elementor-section elementor-top-section elementor-element elementor-element-c335944 elementor-section-boxed elementor-section-height-default elementor-section-height-default\" data-id=\"c335944\" data-element_type=\"section\" data-e-type=\"section\" data-settings=\"{&quot;background_background&quot;:&quot;gradient&quot;}\">\n\t\t\t\t\t\t<div class=\"elementor-container elementor-column-gap-default\">\n\t\t\t\t\t<div class=\"elementor-column elementor-col-100 elementor-top-column elementor-element elementor-element-96eebf6\" data-id=\"96eebf6\" data-element_type=\"column\" data-e-type=\"column\" data-settings=\"{&quot;background_background&quot;:&quot;classic&quot;}\">\n\t\t\t<div class=\"elementor-widget-wrap elementor-element-populated\">\n\t\t\t\t\t\t<section data-particle_enable=\"false\" data-particle-mobile-disabled=\"false\" class=\"elementor-section elementor-inner-section elementor-element elementor-element-659ab06 elementor-section-boxed elementor-section-height-default elementor-section-height-default\" data-id=\"659ab06\" data-element_type=\"section\" data-e-type=\"section\" data-settings=\"{&quot;background_background&quot;:&quot;classic&quot;}\">\n\t\t\t\t\t\t<div class=\"elementor-container elementor-column-gap-default\">\n\t\t\t\t\t<div class=\"elementor-column elementor-col-33 elementor-inner-column elementor-element elementor-element-d6e9d44\" data-id=\"d6e9d44\" data-element_type=\"column\" data-e-type=\"column\">\n\t\t\t<div class=\"elementor-widget-wrap elementor-element-populated\">\n\t\t\t\t\t\t<div class=\"elementor-element elementor-element-6073fda elementor-widget elementor-widget-text-editor\" data-id=\"6073fda\" data-element_type=\"widget\" data-e-type=\"widget\" data-widget_type=\"text-editor.default\">\n\t\t\t\t<div class=\"elementor-widget-container\">\n\t\t\t\t\t\t\t\t\t<h2 style=\"text-align: left;\">VOUS \u00caTES DES AFFREUX MACHOS !<\/h2><p>Nous comprenons que nos \u00e9pouses ou d&rsquo;autres femmes puissent ne pas comprendre le besoin \u00e9prouv\u00e9 par les hommes de se retrouver &#8230; entre hommes. C&rsquo;est souvent ce contexte exclusivement masculin, que l&rsquo;on retrouve sur les terrains sportifs, qui permet de faire tomber les statuts, d&rsquo;oublier les postures sociales ou mondaines &#8230; pour se retrouver comme des gar\u00e7ons, \u00e9gaux dans notre pauvret\u00e9 pour servir. Sans oublier la priorit\u00e9 des hommes mari\u00e9s : celle de servir, s\u00e9curiser et ch\u00e9rir son \u00e9pouse.<\/p>\t\t\t\t\t\t\t\t<\/div>\n\t\t\t\t<\/div>\n\t\t\t\t\t<\/div>\n\t\t<\/div>\n\t\t\t\t<div class=\"elementor-column elementor-col-33 elementor-inner-column elementor-element elementor-element-450d81e\" data-id=\"450d81e\" data-element_type=\"column\" data-e-type=\"column\">\n\t\t\t<div class=\"elementor-widget-wrap elementor-element-populated\">\n\t\t\t\t\t\t<div class=\"elementor-element elementor-element-17a7786 elementor-widget elementor-widget-image\" data-id=\"17a7786\" data-element_type=\"widget\" data-e-type=\"widget\" data-widget_type=\"image.default\">\n\t\t\t\t<div class=\"elementor-widget-container\">\n\t\t\t\t\t\t\t\t\t\t\t\t\t\t\t<img fetchpriority=\"high\" decoding=\"async\" width=\"800\" height=\"536\" src=\"https:\/\/www.chevaliers-de-colomb.fr\/wp-content\/uploads\/2022\/05\/procession-1024x686.jpg\" class=\"attachment-large size-large wp-image-959\" alt=\"\" srcset=\"https:\/\/www.chevaliers-de-colomb.fr\/wp-content\/uploads\/2022\/05\/procession-1024x686.jpg 1024w, https:\/\/www.chevaliers-de-colomb.fr\/wp-content\/uploads\/2022\/05\/procession-300x201.jpg 300w, https:\/\/www.chevaliers-de-colomb.fr\/wp-content\/uploads\/2022\/05\/procession-768x514.jpg 768w, https:\/\/www.chevaliers-de-colomb.fr\/wp-content\/uploads\/2022\/05\/procession-1536x1028.jpg 1536w, https:\/\/www.chevaliers-de-colomb.fr\/wp-content\/uploads\/2022\/05\/procession.jpg 1800w\" sizes=\"(max-width: 800px) 100vw, 800px\" \/>\t\t\t\t\t\t\t\t\t\t\t\t\t\t\t<\/div>\n\t\t\t\t<\/div>\n\t\t\t\t<div class=\"elementor-element elementor-element-c97d7f1 elementor-widget elementor-widget-image\" data-id=\"c97d7f1\" data-element_type=\"widget\" data-e-type=\"widget\" data-widget_type=\"image.default\">\n\t\t\t\t<div class=\"elementor-widget-container\">\n\t\t\t\t\t\t\t\t\t\t\t\t\t\t\t<img decoding=\"async\" width=\"612\" height=\"459\" src=\"https:\/\/www.chevaliers-de-colomb.fr\/wp-content\/uploads\/2022\/05\/objections.jpg\" class=\"attachment-large size-large wp-image-1032\" alt=\"\" srcset=\"https:\/\/www.chevaliers-de-colomb.fr\/wp-content\/uploads\/2022\/05\/objections.jpg 612w, https:\/\/www.chevaliers-de-colomb.fr\/wp-content\/uploads\/2022\/05\/objections-300x225.jpg 300w\" sizes=\"(max-width: 612px) 100vw, 612px\" \/>\t\t\t\t\t\t\t\t\t\t\t\t\t\t\t<\/div>\n\t\t\t\t<\/div>\n\t\t\t\t<div class=\"elementor-element elementor-element-569f0d1 elementor-widget elementor-widget-image\" data-id=\"569f0d1\" data-element_type=\"widget\" data-e-type=\"widget\" data-widget_type=\"image.default\">\n\t\t\t\t<div class=\"elementor-widget-container\">\n\t\t\t\t\t\t\t\t\t\t\t\t\t\t\t<img decoding=\"async\" width=\"800\" height=\"534\" src=\"https:\/\/www.chevaliers-de-colomb.fr\/wp-content\/uploads\/2022\/05\/chevaliers-heureux-1024x683.jpg\" class=\"attachment-large size-large wp-image-1033\" alt=\"\" srcset=\"https:\/\/www.chevaliers-de-colomb.fr\/wp-content\/uploads\/2022\/05\/chevaliers-heureux-1024x683.jpg 1024w, https:\/\/www.chevaliers-de-colomb.fr\/wp-content\/uploads\/2022\/05\/chevaliers-heureux-300x200.jpg 300w, https:\/\/www.chevaliers-de-colomb.fr\/wp-content\/uploads\/2022\/05\/chevaliers-heureux-768x512.jpg 768w, https:\/\/www.chevaliers-de-colomb.fr\/wp-content\/uploads\/2022\/05\/chevaliers-heureux-1536x1024.jpg 1536w, https:\/\/www.chevaliers-de-colomb.fr\/wp-content\/uploads\/2022\/05\/chevaliers-heureux.jpg 1800w\" sizes=\"(max-width: 800px) 100vw, 800px\" \/>\t\t\t\t\t\t\t\t\t\t\t\t\t\t\t<\/div>\n\t\t\t\t<\/div>\n\t\t\t\t\t<\/div>\n\t\t<\/div>\n\t\t\t\t<div class=\"elementor-column elementor-col-33 elementor-inner-column elementor-element elementor-element-f16bc97\" data-id=\"f16bc97\" data-element_type=\"column\" data-e-type=\"column\">\n\t\t\t<div class=\"elementor-widget-wrap elementor-element-populated\">\n\t\t\t\t\t\t<div class=\"elementor-element elementor-element-226b27b elementor-widget elementor-widget-text-editor\" data-id=\"226b27b\" data-element_type=\"widget\" data-e-type=\"widget\" data-widget_type=\"text-editor.default\">\n\t\t\t\t<div class=\"elementor-widget-container\">\n\t\t\t\t\t\t\t\t\t<h2 style=\"text-align: left;\">LE SCOUTISME, C&rsquo;EST D\u00c9PASS\u00c9 ET UN PEU R\u00caVEUR<\/h2><p>Les Chevaliers de Colomb ne sont pas des boy-scouts romantiques sur le retour, un club de pieux bien-pensants ou des comploteurs chr\u00e9tiens. L\u00e0 n&rsquo;est pas vraiment le sujet &#8230; Le mouvement est tr\u00e8s simple, pauvre et incarn\u00e9. Unir nos talents dans des projets, en partant de l&rsquo;entit\u00e9 paroissiale et de l&rsquo;amiti\u00e9 avec le pr\u00eatre. Nous unissons ces talents pour promouvoir l&rsquo;enseignement de l&rsquo;Eglise catholique. En aucun cas l&rsquo;engagement ne sera une fuite ou une \u00e9chappatoire par rapport au devoir d&rsquo;\u00e9tat familial ou professionnel.<\/p>\t\t\t\t\t\t\t\t<\/div>\n\t\t\t\t<\/div>\n\t\t\t\t\t<\/div>\n\t\t<\/div>\n\t\t\t\t\t<\/div>\n\t\t<\/section>\n\t\t\t\t\t<\/div>\n\t\t<\/div>\n\t\t\t\t\t<\/div>\n\t\t<\/section>\n\t\t\t\t<section data-particle_enable=\"false\" data-particle-mobile-disabled=\"false\" class=\"elementor-section elementor-top-section elementor-element elementor-element-2dc70a9 elementor-section-boxed elementor-section-height-default elementor-section-height-default\" data-id=\"2dc70a9\" data-element_type=\"section\" data-e-type=\"section\" data-settings=\"{&quot;background_background&quot;:&quot;gradient&quot;}\">\n\t\t\t\t\t\t<div class=\"elementor-container elementor-column-gap-default\">\n\t\t\t\t\t<div class=\"elementor-column elementor-col-100 elementor-top-column elementor-element elementor-element-a960ed5\" data-id=\"a960ed5\" data-element_type=\"column\" data-e-type=\"column\" data-settings=\"{&quot;background_background&quot;:&quot;classic&quot;}\">\n\t\t\t<div class=\"elementor-widget-wrap elementor-element-populated\">\n\t\t\t\t\t\t<section data-particle_enable=\"false\" data-particle-mobile-disabled=\"false\" class=\"elementor-section elementor-inner-section elementor-element elementor-element-1700e52 elementor-section-boxed elementor-section-height-default elementor-section-height-default\" data-id=\"1700e52\" data-element_type=\"section\" data-e-type=\"section\" data-settings=\"{&quot;background_background&quot;:&quot;classic&quot;}\">\n\t\t\t\t\t\t<div class=\"elementor-container elementor-column-gap-default\">\n\t\t\t\t\t<div class=\"elementor-column elementor-col-33 elementor-inner-column elementor-element elementor-element-edf75ca\" data-id=\"edf75ca\" data-element_type=\"column\" data-e-type=\"column\">\n\t\t\t<div class=\"elementor-widget-wrap elementor-element-populated\">\n\t\t\t\t\t\t<div class=\"elementor-element elementor-element-f4d8d41 elementor-widget elementor-widget-text-editor\" data-id=\"f4d8d41\" data-element_type=\"widget\" data-e-type=\"widget\" data-widget_type=\"text-editor.default\">\n\t\t\t\t<div class=\"elementor-widget-container\">\n\t\t\t\t\t\t\t\t\t<h2 style=\"text-align: left;\">L&rsquo;APPELLATION NE CORRESPOND PAS \u00c0 UNE R\u00c9ALIT\u00c9 FRAN\u00c7AISE<\/h2><p>La beaut\u00e9 d&rsquo;une aventure ne r\u00e9pond pas qu&rsquo;\u00e0 des crit\u00e8res de marketing et de communication. Chaque pays aurait pu trouver un nom plus adapt\u00e9 et plus attractif. Nous pensons cependant que le projet ne tient pas \u00e0 un nom, une marque, un logo. En respectant le nom et les codes originels du mouvement, nous posons aussi un acte d&rsquo;humilit\u00e9 et d&rsquo;ob\u00e9issance, qui conduit \u00e0 mieux parler du fond des projets, au-del\u00e0 d&rsquo;une forme et d&rsquo;une appelation qui peut d\u00e9contenancer un public tr\u00e8s franco-fran\u00e7ais.<\/p>\t\t\t\t\t\t\t\t<\/div>\n\t\t\t\t<\/div>\n\t\t\t\t\t<\/div>\n\t\t<\/div>\n\t\t\t\t<div class=\"elementor-column elementor-col-33 elementor-inner-column elementor-element elementor-element-fa17c1c\" data-id=\"fa17c1c\" data-element_type=\"column\" data-e-type=\"column\">\n\t\t\t<div class=\"elementor-widget-wrap elementor-element-populated\">\n\t\t\t\t\t\t<div class=\"elementor-element elementor-element-b2d09f7 elementor-widget elementor-widget-text-editor\" data-id=\"b2d09f7\" data-element_type=\"widget\" data-e-type=\"widget\" data-widget_type=\"text-editor.default\">\n\t\t\t\t<div class=\"elementor-widget-container\">\n\t\t\t\t\t\t\t\t\t<h2 style=\"text-align: left;\">L\u2019ESPRIT DE CHEVALERIE EST R\u00c9TROGRADE<\/h2><p>L&rsquo;esprit de service et de fraternit\u00e9 n&rsquo;est ni conservateur ni d\u00e9suet. Certaines formes ext\u00e9rieures dans l&rsquo;engagement peuvent appara\u00eetre d\u00e9cal\u00e9es \u00e0 certains. Nous assumons que l&rsquo;esprit de chevalerie et ses ressorts soient d&rsquo;une grande actualit\u00e9 en ces temps troubles : inclusion, reconnaissance, rites, sens de l&rsquo;engagement et de la parole donn\u00e9e&#8230; Nous sommes convaincus que les hommes de bonne volont\u00e9 doivent se conna\u00eetre pour mieux s&rsquo;aimer, partager leurs visions, leurs projets, leurs talents pour contribuer \u00e0 \u00e9vang\u00e9liser au sein de notre pays.<\/p>\t\t\t\t\t\t\t\t<\/div>\n\t\t\t\t<\/div>\n\t\t\t\t\t<\/div>\n\t\t<\/div>\n\t\t\t\t<div class=\"elementor-column elementor-col-33 elementor-inner-column elementor-element elementor-element-f94add6\" data-id=\"f94add6\" data-element_type=\"column\" data-e-type=\"column\">\n\t\t\t<div class=\"elementor-widget-wrap elementor-element-populated\">\n\t\t\t\t\t\t<div class=\"elementor-element elementor-element-558bec3 elementor-widget elementor-widget-text-editor\" data-id=\"558bec3\" data-element_type=\"widget\" data-e-type=\"widget\" data-widget_type=\"text-editor.default\">\n\t\t\t\t<div class=\"elementor-widget-container\">\n\t\t\t\t\t\t\t\t\t<h2 style=\"text-align: left;\">EN FRANCE, IL FAUT \u00caTRE \u00ab\u00a0MADE IN FRANCE\u00a0\u00bb<\/h2><p>Nous aimons le risque. Effectivement, il y a une culture fran\u00e7aise de mouvements typiquement fran\u00e7ais, souvent inspir\u00e9s par une spiritualit\u00e9 et des charismes donn\u00e9s. Les Chevaliers de Colomb fran\u00e7ais sont riches de leur identit\u00e9 fran\u00e7aise et c&rsquo;est pr\u00e9cis\u00e9ment cette identit\u00e9 qui est un atout pour le mouvement, \u00e0 l&rsquo;international. Nous souhaitons d\u00e9velopper en France la vision fondatrice du P\u00e8re McGivney, dans un contexte similaire \u00e0 celui de la fondation de cette organisation : hommes d\u00e9boussol\u00e9s, soci\u00e9t\u00e9 fragile et enjeux missionnaires.<\/p>\t\t\t\t\t\t\t\t<\/div>\n\t\t\t\t<\/div>\n\t\t\t\t\t<\/div>\n\t\t<\/div>\n\t\t\t\t\t<\/div>\n\t\t<\/section>\n\t\t\t\t\t<\/div>\n\t\t<\/div>\n\t\t\t\t\t<\/div>\n\t\t<\/section>\n\t\t\t\t<\/div>\n\t\t","protected":false},"excerpt":{"rendered":"<p>Les objections LE PROJET N&rsquo;EST PAS ASSEZ SPIRITUEL Les Chevaliers de Colomb ne repr\u00e9sentent pas un mouvement de spiritualit\u00e9. Leur \u00ab\u00a0couleur\u00a0\u00bb spirituelle est celle de l&rsquo;Eglise Catholique. Les hommes sont engag\u00e9s en tant que catholiques, avec la richesse et la compl\u00e9mentarit\u00e9 de leur sensibilit\u00e9 spirituelle. Un point commun : leur attachement \u00e0 la foi catholique, [&hellip;]<\/p>\n","protected":false},"author":1,"featured_media":0,"parent":0,"menu_order":0,"comment_status":"closed","ping_status":"closed","template":"elementor_header_footer","meta":{"footnotes":""},"class_list":["post-1021","page","type-page","status-publish","hentry"],"yoast_head":"<!-- This site is optimized with the Yoast SEO plugin v27.5 - https:\/\/yoast.com\/product\/yoast-seo-wordpress\/ -->\n<title>des objections - Les chevaliers de Colomb France<\/title>\n<meta name=\"robots\" content=\"index, follow, max-snippet:-1, max-image-preview:large, max-video-preview:-1\" \/>\n<link rel=\"canonical\" href=\"https:\/\/www.chevaliers-de-colomb.fr\/index.php\/des-objections\/\" \/>\n<meta property=\"og:locale\" content=\"fr_FR\" \/>\n<meta property=\"og:type\" content=\"article\" \/>\n<meta property=\"og:title\" content=\"des objections - Les chevaliers de Colomb France\" \/>\n<meta property=\"og:description\" content=\"Les objections LE PROJET N&rsquo;EST PAS ASSEZ SPIRITUEL Les Chevaliers de Colomb ne repr\u00e9sentent pas un mouvement de spiritualit\u00e9. Leur \u00ab\u00a0couleur\u00a0\u00bb spirituelle est celle de l&rsquo;Eglise Catholique. Les hommes sont engag\u00e9s en tant que catholiques, avec la richesse et la compl\u00e9mentarit\u00e9 de leur sensibilit\u00e9 spirituelle. Un point commun : leur attachement \u00e0 la foi catholique, [&hellip;]\" \/>\n<meta property=\"og:url\" content=\"https:\/\/www.chevaliers-de-colomb.fr\/index.php\/des-objections\/\" \/>\n<meta property=\"og:site_name\" content=\"Les chevaliers de Colomb France\" \/>\n<meta property=\"article:modified_time\" content=\"2023-03-15T18:28:01+00:00\" \/>\n<meta property=\"og:image\" content=\"https:\/\/www.chevaliers-de-colomb.fr\/wp-content\/uploads\/2022\/05\/procession-1024x686.jpg\" \/>\n<meta name=\"twitter:card\" content=\"summary_large_image\" \/>\n<meta name=\"twitter:label1\" content=\"Dur\u00e9e de lecture estim\u00e9e\" \/>\n\t<meta name=\"twitter:data1\" content=\"4 minutes\" \/>\n<script type=\"application\/ld+json\" class=\"yoast-schema-graph\">{\"@context\":\"https:\\\/\\\/schema.org\",\"@graph\":[{\"@type\":\"WebPage\",\"@id\":\"https:\\\/\\\/www.chevaliers-de-colomb.fr\\\/index.php\\\/des-objections\\\/\",\"url\":\"https:\\\/\\\/www.chevaliers-de-colomb.fr\\\/index.php\\\/des-objections\\\/\",\"name\":\"des objections - Les chevaliers de Colomb France\",\"isPartOf\":{\"@id\":\"https:\\\/\\\/www.chevaliers-de-colomb.fr\\\/#website\"},\"primaryImageOfPage\":{\"@id\":\"https:\\\/\\\/www.chevaliers-de-colomb.fr\\\/index.php\\\/des-objections\\\/#primaryimage\"},\"image\":{\"@id\":\"https:\\\/\\\/www.chevaliers-de-colomb.fr\\\/index.php\\\/des-objections\\\/#primaryimage\"},\"thumbnailUrl\":\"https:\\\/\\\/www.chevaliers-de-colomb.fr\\\/wp-content\\\/uploads\\\/2022\\\/05\\\/procession-1024x686.jpg\",\"datePublished\":\"2022-05-31T14:53:34+00:00\",\"dateModified\":\"2023-03-15T18:28:01+00:00\",\"breadcrumb\":{\"@id\":\"https:\\\/\\\/www.chevaliers-de-colomb.fr\\\/index.php\\\/des-objections\\\/#breadcrumb\"},\"inLanguage\":\"fr-FR\",\"potentialAction\":[{\"@type\":\"ReadAction\",\"target\":[\"https:\\\/\\\/www.chevaliers-de-colomb.fr\\\/index.php\\\/des-objections\\\/\"]}]},{\"@type\":\"ImageObject\",\"inLanguage\":\"fr-FR\",\"@id\":\"https:\\\/\\\/www.chevaliers-de-colomb.fr\\\/index.php\\\/des-objections\\\/#primaryimage\",\"url\":\"https:\\\/\\\/www.chevaliers-de-colomb.fr\\\/wp-content\\\/uploads\\\/2022\\\/05\\\/procession.jpg\",\"contentUrl\":\"https:\\\/\\\/www.chevaliers-de-colomb.fr\\\/wp-content\\\/uploads\\\/2022\\\/05\\\/procession.jpg\",\"width\":1800,\"height\":1205},{\"@type\":\"BreadcrumbList\",\"@id\":\"https:\\\/\\\/www.chevaliers-de-colomb.fr\\\/index.php\\\/des-objections\\\/#breadcrumb\",\"itemListElement\":[{\"@type\":\"ListItem\",\"position\":1,\"name\":\"Accueil\",\"item\":\"https:\\\/\\\/www.chevaliers-de-colomb.fr\\\/\"},{\"@type\":\"ListItem\",\"position\":2,\"name\":\"des objections\"}]},{\"@type\":\"WebSite\",\"@id\":\"https:\\\/\\\/www.chevaliers-de-colomb.fr\\\/#website\",\"url\":\"https:\\\/\\\/www.chevaliers-de-colomb.fr\\\/\",\"name\":\"Les chevaliers de Colomb France\",\"description\":\"Site des chevaliers de Colomb en France, les conseils, l&#039;histoire, les informations pratiques\",\"publisher\":{\"@id\":\"https:\\\/\\\/www.chevaliers-de-colomb.fr\\\/#organization\"},\"potentialAction\":[{\"@type\":\"SearchAction\",\"target\":{\"@type\":\"EntryPoint\",\"urlTemplate\":\"https:\\\/\\\/www.chevaliers-de-colomb.fr\\\/?s={search_term_string}\"},\"query-input\":{\"@type\":\"PropertyValueSpecification\",\"valueRequired\":true,\"valueName\":\"search_term_string\"}}],\"inLanguage\":\"fr-FR\"},{\"@type\":\"Organization\",\"@id\":\"https:\\\/\\\/www.chevaliers-de-colomb.fr\\\/#organization\",\"name\":\"Les chevaliers de Colomb France\",\"url\":\"https:\\\/\\\/www.chevaliers-de-colomb.fr\\\/\",\"logo\":{\"@type\":\"ImageObject\",\"inLanguage\":\"fr-FR\",\"@id\":\"https:\\\/\\\/www.chevaliers-de-colomb.fr\\\/#\\\/schema\\\/logo\\\/image\\\/\",\"url\":\"https:\\\/\\\/www.chevaliers-de-colomb.fr\\\/wp-content\\\/uploads\\\/2022\\\/05\\\/logo-chevaliers-de-colomb.png\",\"contentUrl\":\"https:\\\/\\\/www.chevaliers-de-colomb.fr\\\/wp-content\\\/uploads\\\/2022\\\/05\\\/logo-chevaliers-de-colomb.png\",\"width\":397,\"height\":95,\"caption\":\"Les chevaliers de Colomb France\"},\"image\":{\"@id\":\"https:\\\/\\\/www.chevaliers-de-colomb.fr\\\/#\\\/schema\\\/logo\\\/image\\\/\"}}]}<\/script>\n<!-- \/ Yoast SEO plugin. -->","yoast_head_json":{"title":"des objections - Les chevaliers de Colomb France","robots":{"index":"index","follow":"follow","max-snippet":"max-snippet:-1","max-image-preview":"max-image-preview:large","max-video-preview":"max-video-preview:-1"},"canonical":"https:\/\/www.chevaliers-de-colomb.fr\/index.php\/des-objections\/","og_locale":"fr_FR","og_type":"article","og_title":"des objections - Les chevaliers de Colomb France","og_description":"Les objections LE PROJET N&rsquo;EST PAS ASSEZ SPIRITUEL Les Chevaliers de Colomb ne repr\u00e9sentent pas un mouvement de spiritualit\u00e9. Leur \u00ab\u00a0couleur\u00a0\u00bb spirituelle est celle de l&rsquo;Eglise Catholique. Les hommes sont engag\u00e9s en tant que catholiques, avec la richesse et la compl\u00e9mentarit\u00e9 de leur sensibilit\u00e9 spirituelle. Un point commun : leur attachement \u00e0 la foi catholique, [&hellip;]","og_url":"https:\/\/www.chevaliers-de-colomb.fr\/index.php\/des-objections\/","og_site_name":"Les chevaliers de Colomb France","article_modified_time":"2023-03-15T18:28:01+00:00","og_image":[{"url":"https:\/\/www.chevaliers-de-colomb.fr\/wp-content\/uploads\/2022\/05\/procession-1024x686.jpg","type":"","width":"","height":""}],"twitter_card":"summary_large_image","twitter_misc":{"Dur\u00e9e de lecture estim\u00e9e":"4 minutes"},"schema":{"@context":"https:\/\/schema.org","@graph":[{"@type":"WebPage","@id":"https:\/\/www.chevaliers-de-colomb.fr\/index.php\/des-objections\/","url":"https:\/\/www.chevaliers-de-colomb.fr\/index.php\/des-objections\/","name":"des objections - Les chevaliers de Colomb France","isPartOf":{"@id":"https:\/\/www.chevaliers-de-colomb.fr\/#website"},"primaryImageOfPage":{"@id":"https:\/\/www.chevaliers-de-colomb.fr\/index.php\/des-objections\/#primaryimage"},"image":{"@id":"https:\/\/www.chevaliers-de-colomb.fr\/index.php\/des-objections\/#primaryimage"},"thumbnailUrl":"https:\/\/www.chevaliers-de-colomb.fr\/wp-content\/uploads\/2022\/05\/procession-1024x686.jpg","datePublished":"2022-05-31T14:53:34+00:00","dateModified":"2023-03-15T18:28:01+00:00","breadcrumb":{"@id":"https:\/\/www.chevaliers-de-colomb.fr\/index.php\/des-objections\/#breadcrumb"},"inLanguage":"fr-FR","potentialAction":[{"@type":"ReadAction","target":["https:\/\/www.chevaliers-de-colomb.fr\/index.php\/des-objections\/"]}]},{"@type":"ImageObject","inLanguage":"fr-FR","@id":"https:\/\/www.chevaliers-de-colomb.fr\/index.php\/des-objections\/#primaryimage","url":"https:\/\/www.chevaliers-de-colomb.fr\/wp-content\/uploads\/2022\/05\/procession.jpg","contentUrl":"https:\/\/www.chevaliers-de-colomb.fr\/wp-content\/uploads\/2022\/05\/procession.jpg","width":1800,"height":1205},{"@type":"BreadcrumbList","@id":"https:\/\/www.chevaliers-de-colomb.fr\/index.php\/des-objections\/#breadcrumb","itemListElement":[{"@type":"ListItem","position":1,"name":"Accueil","item":"https:\/\/www.chevaliers-de-colomb.fr\/"},{"@type":"ListItem","position":2,"name":"des objections"}]},{"@type":"WebSite","@id":"https:\/\/www.chevaliers-de-colomb.fr\/#website","url":"https:\/\/www.chevaliers-de-colomb.fr\/","name":"Les chevaliers de Colomb France","description":"Site des chevaliers de Colomb en France, les conseils, l&#039;histoire, les informations pratiques","publisher":{"@id":"https:\/\/www.chevaliers-de-colomb.fr\/#organization"},"potentialAction":[{"@type":"SearchAction","target":{"@type":"EntryPoint","urlTemplate":"https:\/\/www.chevaliers-de-colomb.fr\/?s={search_term_string}"},"query-input":{"@type":"PropertyValueSpecification","valueRequired":true,"valueName":"search_term_string"}}],"inLanguage":"fr-FR"},{"@type":"Organization","@id":"https:\/\/www.chevaliers-de-colomb.fr\/#organization","name":"Les chevaliers de Colomb France","url":"https:\/\/www.chevaliers-de-colomb.fr\/","logo":{"@type":"ImageObject","inLanguage":"fr-FR","@id":"https:\/\/www.chevaliers-de-colomb.fr\/#\/schema\/logo\/image\/","url":"https:\/\/www.chevaliers-de-colomb.fr\/wp-content\/uploads\/2022\/05\/logo-chevaliers-de-colomb.png","contentUrl":"https:\/\/www.chevaliers-de-colomb.fr\/wp-content\/uploads\/2022\/05\/logo-chevaliers-de-colomb.png","width":397,"height":95,"caption":"Les chevaliers de Colomb France"},"image":{"@id":"https:\/\/www.chevaliers-de-colomb.fr\/#\/schema\/logo\/image\/"}}]}},"_links":{"self":[{"href":"https:\/\/www.chevaliers-de-colomb.fr\/index.php\/wp-json\/wp\/v2\/pages\/1021","targetHints":{"allow":["GET"]}}],"collection":[{"href":"https:\/\/www.chevaliers-de-colomb.fr\/index.php\/wp-json\/wp\/v2\/pages"}],"about":[{"href":"https:\/\/www.chevaliers-de-colomb.fr\/index.php\/wp-json\/wp\/v2\/types\/page"}],"author":[{"embeddable":true,"href":"https:\/\/www.chevaliers-de-colomb.fr\/index.php\/wp-json\/wp\/v2\/users\/1"}],"replies":[{"embeddable":true,"href":"https:\/\/www.chevaliers-de-colomb.fr\/index.php\/wp-json\/wp\/v2\/comments?post=1021"}],"version-history":[{"count":0,"href":"https:\/\/www.chevaliers-de-colomb.fr\/index.php\/wp-json\/wp\/v2\/pages\/1021\/revisions"}],"wp:attachment":[{"href":"https:\/\/www.chevaliers-de-colomb.fr\/index.php\/wp-json\/wp\/v2\/media?parent=1021"}],"curies":[{"name":"wp","href":"https:\/\/api.w.org\/{rel}","templated":true}]}}